{"id":2775,"date":"2022-06-08T15:57:14","date_gmt":"2022-06-08T14:57:14","guid":{"rendered":"https:\/\/els-solutions.com\/cms\/dev\/?page_id=2775"},"modified":"2024-02-20T17:38:26","modified_gmt":"2024-02-20T17:38:26","slug":"politica-de-privacidade","status":"publish","type":"page","link":"https:\/\/els-solutions.com\/pt-pt\/politica-de-privacidade\/","title":{"rendered":"Pol\u00edtica de Privacidade"},"content":{"rendered":"[fusion_accordion type=&#8221;&#8221; inactive_icon=&#8221;fa-arrow-alt-circle-down far&#8221; active_icon=&#8221;fa-arrow-alt-circle-up far&#8221; margin_top=&#8221;&#8221; margin_bottom=&#8221;&#8221; hide_on_mobile=&#8221;small-visibility,medium-visibility,large-visibility&#8221; class=&#8221;&#8221; id=&#8221;&#8221; boxed_mode=&#8221;yes&#8221; border_size=&#8221;2&#8243; border_color=&#8221;var(&#8211;awb-color3)&#8221; hue=&#8221;&#8221; saturation=&#8221;&#8221; lightness=&#8221;&#8221; alpha=&#8221;&#8221; background_color=&#8221;var(&#8211;awb-color2)&#8221; hover_color=&#8221;var(&#8211;awb-color3)&#8221; divider_line=&#8221;&#8221; divider_color=&#8221;&#8221; divider_hover_color=&#8221;&#8221; title_tag=&#8221;h4&#8243; fusion_font_family_title_font=&#8221;var(&#8211;awb-typography2-font-family)&#8221; fusion_font_variant_title_font=&#8221;var(&#8211;awb-typography2)&#8221; title_font_size=&#8221;var(&#8211;awb-typography2-font-size)&#8221; title_line_height=&#8221;var(&#8211;awb-typography2-line-height)&#8221; title_letter_spacing=&#8221;var(&#8211;awb-typography2-letter-spacing)&#8221; title_text_transform=&#8221;var(&#8211;awb-typography2-text-transform)&#8221; title_color=&#8221;var(&#8211;awb-color8)&#8221; icon_size=&#8221;21&#8243; icon_color=&#8221;var(&#8211;awb-color8)&#8221; icon_boxed_mode=&#8221;no&#8221; icon_box_color=&#8221;var(&#8211;awb-color8)&#8221; icon_alignment=&#8221;right&#8221; fusion_font_family_content_font=&#8221;var(&#8211;awb-typography2-font-family)&#8221; fusion_font_variant_content_font=&#8221;var(&#8211;awb-typography2)&#8221; content_font_size=&#8221;18px&#8221; content_line_height=&#8221;var(&#8211;awb-typography2-line-height)&#8221; content_letter_spacing=&#8221;var(&#8211;awb-typography2-letter-spacing)&#8221; content_text_transform=&#8221;var(&#8211;awb-typography2-text-transform)&#8221; content_color=&#8221;var(&#8211;awb-color8)&#8221; toggle_hover_accent_color=&#8221;var(&#8211;awb-color8)&#8221; toggle_active_accent_color=&#8221;var(&#8211;awb-color8)&#8221;][fusion_toggle title=&#8221;Qual \u00e9 a informa\u00e7\u00e3o que \u00e9 recolhida sobre os utilizadores do site?&#8221; open=&#8221;no&#8221; class=&#8221;&#8221; id=&#8221;&#8221; fusion_font_family_title_font=&#8221;&#8221; fusion_font_variant_title_font=&#8221;&#8221; title_font_size=&#8221;&#8221; title_line_height=&#8221;&#8221; title_letter_spacing=&#8221;&#8221; title_text_transform=&#8221;&#8221; title_color=&#8221;var(&#8211;awb-color8)&#8221; hue=&#8221;&#8221; saturation=&#8221;&#8221; lightness=&#8221;&#8221; alpha=&#8221;&#8221; fusion_font_family_content_font=&#8221;&#8221; fusion_font_variant_content_font=&#8221;&#8221; content_font_size=&#8221;&#8221; content_line_height=&#8221;&#8221; content_letter_spacing=&#8221;&#8221; content_text_transform=&#8221;&#8221; content_color=&#8221;var(&#8211;awb-color8)&#8221;]<\/p>\n<p>Para o acesso e utiliza\u00e7\u00e3o do site, o utilizador n\u00e3o carece de se registar na plataforma. Contudo, quando o utilizador contacta com a ELS Solutions atrav\u00e9s do e-mail ou do endere\u00e7o fornecido no site, os seus dados pessoais s\u00e3o recolhidos. A recolha destes dados pessoais tem por objetivo a presta\u00e7\u00e3o de um servi\u00e7o de resposta mais adequado.<\/p>\n<p>O utilizador poder\u00e1 atualizar as informa\u00e7\u00f5es por si fornecidas sempre que quiser mediante envio de e-mail ou de carta para o endere\u00e7o indicado no site, manifestando esta inten\u00e7\u00e3o.<\/p>\n<p>As opera\u00e7\u00f5es de fornecimento de dados pessoais est\u00e3o devidamente protegidas. Toda a informa\u00e7\u00e3o \u00e9 encriptada e gerida com as mais avan\u00e7adas ferramentas de seguran\u00e7a.<\/p>\n<p>Os dados pessoais do utilizador, coletado por quaisquer vias de acesso, s\u00e3o fornecidos exclusivamente e expressamente pelo utilizador, excepto em previs\u00f5es mencionadas, contudo, s\u00f3 ser\u00e3o coletados e tratados com o livre consentimento do utilizador.<\/p>\n<p>A coleta de dados pode ser realizada pelo nosso S\u00edtio ou pelas p\u00e1ginas administradas pela ELS Solutions, no momento do preenchimento de formul\u00e1rios ou, em cadastro para contactos ou envio de d\u00favidas.<\/p>\n<p>Ao preencher qualquer dos formul\u00e1rios supracitados, o utilizador demonstra de forma expressa e clara que concorda e d\u00e1 o seu consentimento para a coleta e demais tratamentos dos seus dados pela ELS Solutions.<\/p>\n<p>A coleta de dados do utilizador s\u00f3 ser\u00e1 realizada em casos necess\u00e1rios, como a disponibiliza\u00e7\u00e3o de servi\u00e7os ou informa\u00e7\u00f5es com finalidades espec\u00edficas e ocorrem em conformidade das prote\u00e7\u00f5es t\u00e9cnicas e legisla\u00e7\u00f5es de dados vigentes.<\/p>\n<p>Em nenhum momento haver\u00e1 a coleta de dados sem a permiss\u00e3o do utilizador, ou por qualquer meio que possa tornar o consentimento inv\u00e1lido.<\/p>\n<p>[\/fusion_toggle][fusion_toggle title=&#8221;Qual \u00e9 a entidade respons\u00e1vel pela recolha da informa\u00e7\u00e3o?&#8221; open=&#8221;no&#8221; class=&#8221;&#8221; id=&#8221;&#8221; fusion_font_family_title_font=&#8221;&#8221; fusion_font_variant_title_font=&#8221;&#8221; title_font_size=&#8221;&#8221; title_line_height=&#8221;&#8221; title_letter_spacing=&#8221;&#8221; title_text_transform=&#8221;&#8221; title_color=&#8221;var(&#8211;awb-color8)&#8221; hue=&#8221;&#8221; saturation=&#8221;&#8221; lightness=&#8221;&#8221; alpha=&#8221;&#8221; fusion_font_family_content_font=&#8221;&#8221; fusion_font_variant_content_font=&#8221;&#8221; content_font_size=&#8221;&#8221; content_line_height=&#8221;&#8221; content_letter_spacing=&#8221;&#8221; content_text_transform=&#8221;&#8221; content_color=&#8221;var(&#8211;awb-color8)&#8221;]<\/p>\n<p>A ELS Solutions \u00e9 a \u00fanica respons\u00e1vel pela recolha de dados pessoais efetuada no site da ELS Solutions.<\/p>\n<p>[\/fusion_toggle][fusion_toggle title=&#8221;O que s\u00e3o cookies e como \u00e9 que a ELS Solutions os utiliza?&#8221; open=&#8221;no&#8221; class=&#8221;&#8221; id=&#8221;&#8221; fusion_font_family_title_font=&#8221;&#8221; fusion_font_variant_title_font=&#8221;&#8221; title_font_size=&#8221;&#8221; title_line_height=&#8221;&#8221; title_letter_spacing=&#8221;&#8221; title_text_transform=&#8221;&#8221; title_color=&#8221;var(&#8211;awb-color8)&#8221; hue=&#8221;&#8221; saturation=&#8221;&#8221; lightness=&#8221;&#8221; alpha=&#8221;&#8221; fusion_font_family_content_font=&#8221;&#8221; fusion_font_variant_content_font=&#8221;&#8221; content_font_size=&#8221;&#8221; content_line_height=&#8221;&#8221; content_letter_spacing=&#8221;&#8221; content_text_transform=&#8221;&#8221; content_color=&#8221;var(&#8211;awb-color8)&#8221;]<\/p>\n<p>Para poder prestar um servi\u00e7o mais personalizado e ao agrado dos leitores, a ELS Solutions utiliza cookies para recolher e guardar informa\u00e7\u00e3o. Um cookie \u00e9 um pequeno ficheiro informativo que \u00e9 enviado do servidor do site da ELS Solutions para o browser do leitor e armazenado no respetivo computador. Estes cookies ser\u00e3o apenas utilizados pela ELS Solutions e a sua utiliza\u00e7\u00e3o limita-se \u00e0s seguintes finalidades:<\/p>\n<p>Permitir \u00e0 ELS Solutions saber quem \u00e9 o utilizador e, dessa forma, prestar um servi\u00e7o melhor, mais seguro e personalizado;<br \/>\nEstimar os n\u00edveis de utiliza\u00e7\u00e3o dos servi\u00e7os. A cada utilizador corresponde um cookie individual, garantindo desta forma a privacidade e a seguran\u00e7a dos dados. A apresenta\u00e7\u00e3o dos dados estat\u00edsticos \u00e9 feita de uma forma agregada e n\u00e3o individual, n\u00e3o permitindo a identifica\u00e7\u00e3o do leitor. Desta forma, \u00e9 poss\u00edvel avaliar o desempenho do site da ELS Solutions numa perspetiva de atualiza\u00e7\u00e3o e melhoria constantes, para que se possa satisfazer os gostos e as necessidades do utilizador.<\/p>\n<p>[\/fusion_toggle][fusion_toggle title=&#8221;Como \u00e9 que a informa\u00e7\u00e3o recolhida \u00e9 utilizada?&#8221; open=&#8221;no&#8221; class=&#8221;&#8221; id=&#8221;&#8221; fusion_font_family_title_font=&#8221;&#8221; fusion_font_variant_title_font=&#8221;&#8221; title_font_size=&#8221;&#8221; title_line_height=&#8221;&#8221; title_letter_spacing=&#8221;&#8221; title_text_transform=&#8221;&#8221; title_color=&#8221;var(&#8211;awb-color8)&#8221; hue=&#8221;&#8221; saturation=&#8221;&#8221; lightness=&#8221;&#8221; alpha=&#8221;&#8221; fusion_font_family_content_font=&#8221;&#8221; fusion_font_variant_content_font=&#8221;&#8221; content_font_size=&#8221;&#8221; content_line_height=&#8221;&#8221; content_letter_spacing=&#8221;&#8221; content_text_transform=&#8221;&#8221; content_color=&#8221;var(&#8211;awb-color8)&#8221;]<\/p>\n<p>A informa\u00e7\u00e3o recolhida servir\u00e1 apenas para os seguintes prop\u00f3sitos:<\/p>\n<ul>\n<li>Facultar, atrav\u00e9s de qualquer meio, incluindo correio eletr\u00f3nico ou meios de comunica\u00e7\u00e3o eletr\u00f3nica equivalentes, informa\u00e7\u00f5es e comunica\u00e7\u00f5es publicit\u00e1rias, relativas \u00e0 atividade da ELS Solutions, medicamentos, conselhos e not\u00edcias sobre a ELS Solutions e, tamb\u00e9m, envio de produtos de \u201cMerchandising\u201d da ELS Solutions que sejam solicitados, sempre, e em qualquer caso, em cumprimento das normas e restri\u00e7\u00f5es legais aplic\u00e1veis;<\/li>\n<li>Elabora\u00e7\u00e3o de estat\u00edsticas que permitam perceber como a ELS Solutions poder\u00e1 melhorar o n\u00edvel de servi\u00e7os que presta e, dessa forma, corresponder mais eficazmente \u00e0s expectativas dos utilizadores;<\/li>\n<li>Aumentar o n\u00edvel de personaliza\u00e7\u00e3o dos servi\u00e7os para que se adequem, na maior medida poss\u00edvel, aos gostos e prefer\u00eancias dos utilizadores.<\/li>\n<\/ul>\n<p>A ELS Solutions n\u00e3o proceder\u00e1 \u00e0 venda, aluguer, partilha ou oferta dos dados fornecidos pelos seus leitores, exceto nas situa\u00e7\u00f5es previstas na presente pol\u00edtica de privacidade.<\/p>\n<p>Caso o utilizador n\u00e3o pretenda receber informa\u00e7\u00e3o e comunica\u00e7\u00e3o publicit\u00e1ria, qualquer que seja o meio de comunica\u00e7\u00e3o utilizado para esse efeito, pode comunicar a sua decis\u00e3o, sem qualquer custo associado, atrav\u00e9s dos meios de contacto abaixo indicados para exercer os seus direitos.<\/p>\n<p>[\/fusion_toggle][fusion_toggle title=&#8221;Que procedimentos de seguran\u00e7a tem o site da ELS Solutions que garanta aos utilizadores a prote\u00e7\u00e3o dos seus dados contra o acesso, a altera\u00e7\u00e3o ou a destrui\u00e7\u00e3o n\u00e3o autorizada?&#8221; open=&#8221;no&#8221; class=&#8221;&#8221; id=&#8221;&#8221; fusion_font_family_title_font=&#8221;&#8221; fusion_font_variant_title_font=&#8221;&#8221; title_font_size=&#8221;&#8221; title_line_height=&#8221;&#8221; title_letter_spacing=&#8221;&#8221; title_text_transform=&#8221;&#8221; title_color=&#8221;var(&#8211;awb-color8)&#8221; hue=&#8221;&#8221; saturation=&#8221;&#8221; lightness=&#8221;&#8221; alpha=&#8221;&#8221; fusion_font_family_content_font=&#8221;&#8221; fusion_font_variant_content_font=&#8221;&#8221; content_font_size=&#8221;&#8221; content_line_height=&#8221;&#8221; content_letter_spacing=&#8221;&#8221; content_text_transform=&#8221;&#8221; content_color=&#8221;var(&#8211;awb-color8)&#8221;]<\/p>\n<p>A ELS Solutions toma todas as precau\u00e7\u00f5es necess\u00e1rias e legalmente exigidas para garantir a prote\u00e7\u00e3o da informa\u00e7\u00e3o recolhida junto dos seus leitores atrav\u00e9s do site da ELS Solutions. Estas precau\u00e7\u00f5es garantem a seguran\u00e7a online e offline dessa informa\u00e7\u00e3o.<\/p>\n<p>[\/fusion_toggle][fusion_toggle title=&#8221;Que direitos tem o utilizador do site da ELS Solutions?&#8221; open=&#8221;no&#8221; class=&#8221;&#8221; id=&#8221;&#8221; fusion_font_family_title_font=&#8221;&#8221; fusion_font_variant_title_font=&#8221;&#8221; title_font_size=&#8221;&#8221; title_line_height=&#8221;&#8221; title_letter_spacing=&#8221;&#8221; title_text_transform=&#8221;&#8221; title_color=&#8221;var(&#8211;awb-color8)&#8221; hue=&#8221;&#8221; saturation=&#8221;&#8221; lightness=&#8221;&#8221; alpha=&#8221;&#8221; fusion_font_family_content_font=&#8221;&#8221; fusion_font_variant_content_font=&#8221;&#8221; content_font_size=&#8221;&#8221; content_line_height=&#8221;&#8221; content_letter_spacing=&#8221;&#8221; content_text_transform=&#8221;&#8221; content_color=&#8221;var(&#8211;awb-color8)&#8221;]<\/p>\n<p>O utilizador do site da ELS Solutions tem todos os direitos expressamente previstos no Regulamento (UE) 2016\/679, de 27 de abril de 2016 (Regulamento Geral sobre a Prote\u00e7\u00e3o de Dados, adiante referido por \u201cRGPD\u201d). O utilizador poder\u00e1 exercer os seus direitos de acesso, retifica\u00e7\u00e3o, apagamento e oposi\u00e7\u00e3o ao tratamento dos seus dados pessoais perante a ELS SOLUTIONS GDIA \u2013 UNIPESSOAL LDA, das seguintes formas:<\/p>\n<ul>\n<li>Por escrito para: Rua dos Ciprestes, 48 Piso 2, 2765-623 Estoril, Portugal;<\/li>\n<li>Por Telefone: +351 925 505 313;<\/li>\n<li>Por e-mail: info@elssolutions.pt<\/li>\n<\/ul>\n<p>O consentimento dado pelo utilizador na recolha e tratamento de dados \u00e9 livremente revog\u00e1vel, a qualquer altura, sem que com isso signifique que a revoga\u00e7\u00e3o tenha efeitos retroativos sobre os atos j\u00e1 praticados pela ELS Solutions, com base no consentimento do titular de dados.<\/p>\n<p>[\/fusion_toggle][fusion_toggle title=&#8221;Dados Sens\u00edveis&#8221; open=&#8221;no&#8221; class=&#8221;&#8221; id=&#8221;&#8221; fusion_font_family_title_font=&#8221;&#8221; fusion_font_variant_title_font=&#8221;&#8221; title_font_size=&#8221;&#8221; title_line_height=&#8221;&#8221; title_letter_spacing=&#8221;&#8221; title_text_transform=&#8221;&#8221; title_color=&#8221;var(&#8211;awb-color8)&#8221; hue=&#8221;&#8221; saturation=&#8221;&#8221; lightness=&#8221;&#8221; alpha=&#8221;&#8221; fusion_font_family_content_font=&#8221;&#8221; fusion_font_variant_content_font=&#8221;&#8221; content_font_size=&#8221;&#8221; content_line_height=&#8221;&#8221; content_letter_spacing=&#8221;&#8221; content_text_transform=&#8221;&#8221; content_color=&#8221;var(&#8211;awb-color8)&#8221;]<\/p>\n<p>Os dados considerados sens\u00edveis, como etnia, religi\u00e3o e gen\u00e9tica, n\u00e3o ser\u00e3o coletados ou requeridos como formul\u00e1rios pelas nossas p\u00e1ginas. Somente ser\u00e3o coletados pela ELS Solutions em casos expressamente necess\u00e1rios e previstos nas legisla\u00e7\u00f5es supracitadas, informado ao utilizador a respeito desta coleta e do modo como ocorrer\u00e1 o tratamento e finalidade da mesma.<\/p>\n<p>[\/fusion_toggle][fusion_toggle title=&#8221;Finalidade&#8221; open=&#8221;no&#8221; class=&#8221;&#8221; id=&#8221;&#8221; fusion_font_family_title_font=&#8221;&#8221; fusion_font_variant_title_font=&#8221;&#8221; title_font_size=&#8221;&#8221; title_line_height=&#8221;&#8221; title_letter_spacing=&#8221;&#8221; title_text_transform=&#8221;&#8221; title_color=&#8221;var(&#8211;awb-color8)&#8221; hue=&#8221;&#8221; saturation=&#8221;&#8221; lightness=&#8221;&#8221; alpha=&#8221;&#8221; fusion_font_family_content_font=&#8221;&#8221; fusion_font_variant_content_font=&#8221;&#8221; content_font_size=&#8221;&#8221; content_line_height=&#8221;&#8221; content_letter_spacing=&#8221;&#8221; content_text_transform=&#8221;&#8221; content_color=&#8221;var(&#8211;awb-color8)&#8221;]<\/p>\n<p>Todos os dados fornecidos por nossos utilizadores s\u00e3o utilizados unicamente com a finalidade de presta\u00e7\u00e3o de servi\u00e7o e melhor desempenho, de modo a aprimorar a forma direcionada dos nossos conte\u00fados.<\/p>\n<p>Sem preju\u00edzo do exposto, a coleta de dados ocorre tamb\u00e9m para enviarmos novidades ou servi\u00e7os que desempenhamos, sempre que haja o consentimento do utilizador, pela coleta das informa\u00e7\u00f5es atrav\u00e9s de diferentes plataformas.<\/p>\n<p>[\/fusion_toggle][fusion_toggle title=&#8221;Newsletter&#8221; open=&#8221;no&#8221; class=&#8221;&#8221; id=&#8221;&#8221; fusion_font_family_title_font=&#8221;&#8221; fusion_font_variant_title_font=&#8221;&#8221; title_font_size=&#8221;&#8221; title_line_height=&#8221;&#8221; title_letter_spacing=&#8221;&#8221; title_text_transform=&#8221;&#8221; title_color=&#8221;var(&#8211;awb-color8)&#8221; hue=&#8221;&#8221; saturation=&#8221;&#8221; lightness=&#8221;&#8221; alpha=&#8221;&#8221; fusion_font_family_content_font=&#8221;&#8221; fusion_font_variant_content_font=&#8221;&#8221; content_font_size=&#8221;&#8221; content_line_height=&#8221;&#8221; content_letter_spacing=&#8221;&#8221; content_text_transform=&#8221;&#8221; content_color=&#8221;var(&#8211;awb-color8)&#8221;]<\/p>\n<p>Utilizamos newsletter para encaminhar aos nossos utilizadores, informa\u00e7\u00f5es atualizadas ou realizadas pela ELS Solutions. Al\u00e9m disso, \u00e9 poss\u00edvel que o utilizador receba em datas espec\u00edficas a recomenda\u00e7\u00e3o de eventos a serem realizados e o feedback do utilizador perante as nossas atividades. Os dados coletados, pela via de quaisquer intera\u00e7\u00f5es do utilizador, s\u00e3o informados \u00e0 newsletter apenas para a finalidade descrita acima, de modo a respeitar o que \u00e9 estabelecido nas legisla\u00e7\u00f5es pela qual a ELS Solutions est\u00e1 sujeita.<\/p>\n<p>[\/fusion_toggle][fusion_toggle title=&#8221;Consentimento do Utilizador&#8221; open=&#8221;no&#8221; class=&#8221;&#8221; id=&#8221;&#8221; fusion_font_family_title_font=&#8221;&#8221; fusion_font_variant_title_font=&#8221;&#8221; title_font_size=&#8221;&#8221; title_line_height=&#8221;&#8221; title_letter_spacing=&#8221;&#8221; title_text_transform=&#8221;&#8221; title_color=&#8221;var(&#8211;awb-color8)&#8221; hue=&#8221;&#8221; saturation=&#8221;&#8221; lightness=&#8221;&#8221; alpha=&#8221;&#8221; fusion_font_family_content_font=&#8221;&#8221; fusion_font_variant_content_font=&#8221;&#8221; content_font_size=&#8221;&#8221; content_line_height=&#8221;&#8221; content_letter_spacing=&#8221;&#8221; content_text_transform=&#8221;&#8221; content_color=&#8221;var(&#8211;awb-color8)&#8221;]<\/p>\n<p>O utilizador permite de livre e espont\u00e2nea vontade que os seus dados sejam coletados e armazenados pelo per\u00edodo necess\u00e1rio para realiza\u00e7\u00e3o da finalidade estabelecida.<\/p>\n<p>O utilizador afirma que n\u00e3o sofreu nenhuma coa\u00e7\u00e3o, ou foi induzido a concordar com a Pol\u00edtica de Privacidade e Seguran\u00e7a da ELS Solutions.<\/p>\n<p>Da mesma forma, o utilizador pactua que navegar\u00e1 e utilizar\u00e1 adequadamente os conte\u00fados publicados e disponibilizados pela ELS Solutions, ao agir de boa-f\u00e9 e possuir uma conduta digna e respeitosa, sem a realiza\u00e7\u00e3o de coment\u00e1rios discriminat\u00f3rios sobre qualquer tema, e comprometendo-se a n\u00e3o causar nenhum dano \u00e0s p\u00e1ginas digitais, ou \u00e0 pr\u00f3pria ELS Solutions.<\/p>\n<p>[\/fusion_toggle][fusion_toggle title=&#8221;Viola\u00e7\u00e3o dos Dados&#8221; open=&#8221;no&#8221; class=&#8221;&#8221; id=&#8221;&#8221; fusion_font_family_title_font=&#8221;&#8221; fusion_font_variant_title_font=&#8221;&#8221; title_font_size=&#8221;&#8221; title_line_height=&#8221;&#8221; title_letter_spacing=&#8221;&#8221; title_text_transform=&#8221;&#8221; title_color=&#8221;var(&#8211;awb-color8)&#8221; hue=&#8221;&#8221; saturation=&#8221;&#8221; lightness=&#8221;&#8221; alpha=&#8221;&#8221; fusion_font_family_content_font=&#8221;&#8221; fusion_font_variant_content_font=&#8221;&#8221; content_font_size=&#8221;&#8221; content_line_height=&#8221;&#8221; content_letter_spacing=&#8221;&#8221; content_text_transform=&#8221;&#8221; content_color=&#8221;var(&#8211;awb-color8)&#8221;]<\/p>\n<p>A ELS Solutions n\u00e3o se responsabiliza pelo conte\u00fado acedido atrav\u00e9s de qualquer hiperliga\u00e7\u00e3o que leve o utilizador a navegar fora do dom\u00ednio https:\/\/els-solutions.com\/dev, sempre que tais hiperliga\u00e7\u00f5es sejam da responsabilidade de terceiros.<\/p>\n<p>A ELS Solutions utiliza diversas medidas t\u00e9cnicas e organizativas de prote\u00e7\u00e3o \u00e0 informa\u00e7\u00e3o pessoal dos utilizadores.<\/p>\n<p>A viola\u00e7\u00e3o, ou tentativa de viola\u00e7\u00e3o, das bases de dados obtidas pela ELS Solutions ter\u00e1 como consequ\u00eancia a imediata responsabiliza\u00e7\u00e3o judicial do(s) infrator(es).<\/p>\n<p>[\/fusion_toggle][fusion_toggle title=&#8221;Prazo de Conserva\u00e7\u00e3o dos Dados&#8221; open=&#8221;no&#8221; class=&#8221;&#8221; id=&#8221;&#8221; fusion_font_family_title_font=&#8221;&#8221; fusion_font_variant_title_font=&#8221;&#8221; title_font_size=&#8221;&#8221; title_line_height=&#8221;&#8221; title_letter_spacing=&#8221;&#8221; title_text_transform=&#8221;&#8221; title_color=&#8221;var(&#8211;awb-color8)&#8221; hue=&#8221;&#8221; saturation=&#8221;&#8221; lightness=&#8221;&#8221; alpha=&#8221;&#8221; fusion_font_family_content_font=&#8221;&#8221; fusion_font_variant_content_font=&#8221;&#8221; content_font_size=&#8221;&#8221; content_line_height=&#8221;&#8221; content_letter_spacing=&#8221;&#8221; content_text_transform=&#8221;&#8221; content_color=&#8221;var(&#8211;awb-color8)&#8221;]<\/p>\n<p>Os dados recolhidos s\u00e3o objetos de tratamento pelo per\u00edodo estritamente necess\u00e1rio \u00e0 realiza\u00e7\u00e3o da finalidade espec\u00edfica de cada um. A conserva\u00e7\u00e3o dos dados ser\u00e1 mantida at\u00e9 que o utilizador proceda legalmente ou solicite a elimina\u00e7\u00e3o\/cancelamento das suas informa\u00e7\u00f5es \u00e0 ELS Solutions.<\/p>\n<p>O armazenamento de dados continuar\u00e1 ainda que a finalidade tenha sido realizada, quando houver disposi\u00e7\u00e3o legal a respeito disto ou disposi\u00e7\u00e3o regulat\u00f3ria que impe\u00e7am a elimina\u00e7\u00e3o ou anonimiza\u00e7\u00e3o.<\/p>\n<p>A anonimiza\u00e7\u00e3o dos dados realizados por nossas p\u00e1ginas, \u00e9 uma maneira de manter a seguran\u00e7a dos dados coletados dos nossos utilizadores ap\u00f3s a finalidade da coleta.<\/p>\n<p>[\/fusion_toggle][fusion_toggle title=&#8221;Outras quest\u00f5es de que dever\u00e1 ter conhecimento sobre a pol\u00edtica de privacidade da ELS Solutions&#8221; open=&#8221;no&#8221; class=&#8221;&#8221; id=&#8221;&#8221; fusion_font_family_title_font=&#8221;&#8221; fusion_font_variant_title_font=&#8221;&#8221; title_font_size=&#8221;&#8221; title_line_height=&#8221;&#8221; title_letter_spacing=&#8221;&#8221; title_text_transform=&#8221;&#8221; title_color=&#8221;var(&#8211;awb-color8)&#8221; hue=&#8221;&#8221; saturation=&#8221;&#8221; lightness=&#8221;&#8221; alpha=&#8221;&#8221; fusion_font_family_content_font=&#8221;&#8221; fusion_font_variant_content_font=&#8221;&#8221; content_font_size=&#8221;&#8221; content_line_height=&#8221;&#8221; content_letter_spacing=&#8221;&#8221; content_text_transform=&#8221;&#8221; content_color=&#8221;var(&#8211;awb-color8)&#8221;]<\/p>\n<p><strong>Hiperliga\u00e7\u00f5es (Links)<\/strong><\/p>\n<p>O site da ELS Solutions cont\u00e9m hiperliga\u00e7\u00f5es (links) para outros s\u00edtios eletr\u00f3nicos (sites). A ELS Solutions n\u00e3o se responsabiliza pelas pol\u00edticas de privacidade desses mesmos s\u00edtios eletr\u00f3nicos. Recomenda-se aos utilizadores do site da ELS Solutions que, quando acedam a outros s\u00edtios eletr\u00f3nicos, consultem as p\u00e1ginas que, dentro desses sites, se refiram \u00e0s suas pol\u00edticas de privacidade. Este texto refere-se apenas \u00e0 pol\u00edtica de privacidade aplic\u00e1vel ao site da ELS Solutions.<\/p>\n<p><strong>Autoriza\u00e7\u00e3o para Utiliza\u00e7\u00f5es Diversas<\/strong><\/p>\n<p>Se a ELS Solutions pretender utilizar os dados dos seus utilizadores para finalidades distintas daquelas para as quais recebeu autoriza\u00e7\u00e3o inicial dos utilizadores, solicitar\u00e1 uma nova autoriza\u00e7\u00e3o dos utilizadores para essa utiliza\u00e7\u00e3o espec\u00edfica.<\/p>\n<p><strong>Comiss\u00e3o Nacional de Prote\u00e7\u00e3o de Dados<\/strong><\/p>\n<p>Os dados pessoais recolhidos s\u00e3o integrados numa base de dados que se encontra devidamente regularizada junto da Comiss\u00e3o Nacional de Prote\u00e7\u00e3o de Dados (CNPD) e que cumpre a legisla\u00e7\u00e3o portuguesa e europeia sobre o tratamento de dados pessoais.<\/p>\n<p>Para efeitos do disposto na RGPD, o utilizador do site declara que leu e que consente expressamente com o conte\u00fado estatu\u00eddo na presente pol\u00edtica de privacidade.<\/p>\n<p>[\/fusion_toggle][fusion_toggle title=&#8221;Considera\u00e7\u00f5es Finais&#8221; open=&#8221;no&#8221; class=&#8221;&#8221; id=&#8221;&#8221; fusion_font_family_title_font=&#8221;&#8221; fusion_font_variant_title_font=&#8221;&#8221; title_font_size=&#8221;&#8221; title_line_height=&#8221;&#8221; title_letter_spacing=&#8221;&#8221; title_text_transform=&#8221;&#8221; title_color=&#8221;var(&#8211;awb-color8)&#8221; hue=&#8221;&#8221; saturation=&#8221;&#8221; lightness=&#8221;&#8221; alpha=&#8221;&#8221; fusion_font_family_content_font=&#8221;&#8221; fusion_font_variant_content_font=&#8221;&#8221; content_font_size=&#8221;&#8221; content_line_height=&#8221;&#8221; content_letter_spacing=&#8221;&#8221; content_text_transform=&#8221;&#8221; content_color=&#8221;var(&#8211;awb-color8)&#8221;]<\/p>\n<p>\u00c9 importante informar que tomamos todos os cuidados para proteger os dados dos nossos utilizadores, mas ainda assim, h\u00e1 situa\u00e7\u00f5es que acontecem vazamento de dados. A ELS Solutions, por meio das suas plataformas digitais, n\u00e3o se responsabiliza por qualquer incidente com dados pessoais que aconte\u00e7a por situa\u00e7\u00e3o em que n\u00e3o temos o devido controle, tais como a culpa exclusiva do utilizador ou ataques cibern\u00e9ticos.<\/p>\n<p>Qualquer incidente que venha a causar danos aos dados pessoais dos utilizadores, a ELS Solutions informar\u00e1 as autoridades respons\u00e1veis, legalmente prevista.<\/p>\n<p>A ELS Solutions reserva-se o direito de alterar a sua Pol\u00edtica de Privacidade e Seguran\u00e7a e Termos e Condi\u00e7\u00f5es descritos nesta p\u00e1gina, pelo que aconselhamos a visita frequente a este endere\u00e7o eletr\u00f3nico. Consideramos que os utilizadores est\u00e3o conscientes destas pol\u00edticas ao navegar em https:\/\/els-solutions.com\/dev.<\/p>\n<p>[\/fusion_toggle][\/fusion_accordion]\n","protected":false},"excerpt":{"rendered":"","protected":false},"author":9,"featured_media":0,"parent":0,"menu_order":0,"comment_status":"closed","ping_status":"closed","template":"","meta":{"footnotes":""},"class_list":["post-2775","page","type-page","status-publish","hentry"],"yoast_head":"<!-- This site is optimized with the Yoast SEO plugin v23.4 - https:\/\/yoast.com\/wordpress\/plugins\/seo\/ -->\n<title>Pol\u00edtica de Privacidade - ELS Solutions<\/title>\n<meta name=\"description\" content=\"Saiba tudo sobre a nossa prote\u00e7\u00e3o da privacidade e dos dados pessoais dos nossos utilizadores. Conhe\u00e7a a nossa Pol\u00edtica de Privacidade!\" \/>\n<meta name=\"robots\" content=\"noindex, follow, max-snippet:-1, max-image-preview:large, max-video-preview:-1\" \/>\n<meta property=\"og:locale\" content=\"pt_PT\" \/>\n<meta property=\"og:type\" content=\"article\" \/>\n<meta property=\"og:title\" content=\"Pol\u00edtica de Privacidade - ELS Solutions\" \/>\n<meta property=\"og:description\" content=\"Saiba tudo sobre a nossa prote\u00e7\u00e3o da privacidade e dos dados pessoais dos nossos utilizadores. Conhe\u00e7a a nossa Pol\u00edtica de Privacidade!\" \/>\n<meta property=\"og:url\" content=\"https:\/\/els-solutions.com\/pt-pt\/politica-de-privacidade\/\" \/>\n<meta property=\"og:site_name\" content=\"ELS Group - Accelerating Innovation\" \/>\n<meta property=\"article:publisher\" content=\"https:\/\/www.facebook.com\/els.solutions\/\" \/>\n<meta property=\"article:modified_time\" content=\"2024-02-20T17:38:26+00:00\" \/>\n<meta name=\"twitter:card\" content=\"summary_large_image\" \/>\n<meta name=\"twitter:label1\" content=\"Tempo estimado de leitura\" \/>\n\t<meta name=\"twitter:data1\" content=\"14 minutos\" \/>\n<script type=\"application\/ld+json\" class=\"yoast-schema-graph\">{\"@context\":\"https:\/\/schema.org\",\"@graph\":[{\"@type\":\"WebPage\",\"@id\":\"https:\/\/els-solutions.com\/pt-pt\/politica-de-privacidade\/\",\"url\":\"https:\/\/els-solutions.com\/pt-pt\/politica-de-privacidade\/\",\"name\":\"Pol\u00edtica de Privacidade - ELS Solutions\",\"isPartOf\":{\"@id\":\"https:\/\/els-solutions.com\/pt-pt\/#website\"},\"datePublished\":\"2022-06-08T14:57:14+00:00\",\"dateModified\":\"2024-02-20T17:38:26+00:00\",\"description\":\"Saiba tudo sobre a nossa prote\u00e7\u00e3o da privacidade e dos dados pessoais dos nossos utilizadores. Conhe\u00e7a a nossa Pol\u00edtica de Privacidade!\",\"breadcrumb\":{\"@id\":\"https:\/\/els-solutions.com\/pt-pt\/politica-de-privacidade\/#breadcrumb\"},\"inLanguage\":\"pt-PT\",\"potentialAction\":[{\"@type\":\"ReadAction\",\"target\":[\"https:\/\/els-solutions.com\/pt-pt\/politica-de-privacidade\/\"]}]},{\"@type\":\"BreadcrumbList\",\"@id\":\"https:\/\/els-solutions.com\/pt-pt\/politica-de-privacidade\/#breadcrumb\",\"itemListElement\":[{\"@type\":\"ListItem\",\"position\":1,\"name\":\"In\u00edcio\",\"item\":\"https:\/\/els-solutions.com\/pt-pt\/\"},{\"@type\":\"ListItem\",\"position\":2,\"name\":\"Pol\u00edtica de Privacidade\"}]},{\"@type\":\"WebSite\",\"@id\":\"https:\/\/els-solutions.com\/pt-pt\/#website\",\"url\":\"https:\/\/els-solutions.com\/pt-pt\/\",\"name\":\"ELS Group - Accelerating Innovation\",\"description\":\"Assessoria estrat\u00e9gia para a Ind\u00fastria Farmac\u00eautica\",\"publisher\":{\"@id\":\"https:\/\/els-solutions.com\/pt-pt\/#organization\"},\"potentialAction\":[{\"@type\":\"SearchAction\",\"target\":{\"@type\":\"EntryPoint\",\"urlTemplate\":\"https:\/\/els-solutions.com\/pt-pt\/?s={search_term_string}\"},\"query-input\":{\"@type\":\"PropertyValueSpecification\",\"valueRequired\":true,\"valueName\":\"search_term_string\"}}],\"inLanguage\":\"pt-PT\"},{\"@type\":\"Organization\",\"@id\":\"https:\/\/els-solutions.com\/pt-pt\/#organization\",\"name\":\"ELS Group - Accelerating Innovation\",\"url\":\"https:\/\/els-solutions.com\/pt-pt\/\",\"logo\":{\"@type\":\"ImageObject\",\"inLanguage\":\"pt-PT\",\"@id\":\"https:\/\/els-solutions.com\/pt-pt\/#\/schema\/logo\/image\/\",\"url\":\"https:\/\/els-solutions.com\/cms\/wp-content\/uploads\/2023\/08\/ELS-NewLogo-ColorBlack-1-e1691153715735.png\",\"contentUrl\":\"https:\/\/els-solutions.com\/cms\/wp-content\/uploads\/2023\/08\/ELS-NewLogo-ColorBlack-1-e1691153715735.png\",\"width\":2226,\"height\":1080,\"caption\":\"ELS Group - Accelerating Innovation\"},\"image\":{\"@id\":\"https:\/\/els-solutions.com\/pt-pt\/#\/schema\/logo\/image\/\"},\"sameAs\":[\"https:\/\/www.facebook.com\/els.solutions\/\"]}]}<\/script>\n<!-- \/ Yoast SEO plugin. -->","yoast_head_json":{"title":"Pol\u00edtica de Privacidade - ELS Solutions","description":"Saiba tudo sobre a nossa prote\u00e7\u00e3o da privacidade e dos dados pessoais dos nossos utilizadores. Conhe\u00e7a a nossa Pol\u00edtica de Privacidade!","robots":{"index":"noindex","follow":"follow","max-snippet":"max-snippet:-1","max-image-preview":"max-image-preview:large","max-video-preview":"max-video-preview:-1"},"og_locale":"pt_PT","og_type":"article","og_title":"Pol\u00edtica de Privacidade - ELS Solutions","og_description":"Saiba tudo sobre a nossa prote\u00e7\u00e3o da privacidade e dos dados pessoais dos nossos utilizadores. Conhe\u00e7a a nossa Pol\u00edtica de Privacidade!","og_url":"https:\/\/els-solutions.com\/pt-pt\/politica-de-privacidade\/","og_site_name":"ELS Group - Accelerating Innovation","article_publisher":"https:\/\/www.facebook.com\/els.solutions\/","article_modified_time":"2024-02-20T17:38:26+00:00","twitter_card":"summary_large_image","twitter_misc":{"Tempo estimado de leitura":"14 minutos"},"schema":{"@context":"https:\/\/schema.org","@graph":[{"@type":"WebPage","@id":"https:\/\/els-solutions.com\/pt-pt\/politica-de-privacidade\/","url":"https:\/\/els-solutions.com\/pt-pt\/politica-de-privacidade\/","name":"Pol\u00edtica de Privacidade - ELS Solutions","isPartOf":{"@id":"https:\/\/els-solutions.com\/pt-pt\/#website"},"datePublished":"2022-06-08T14:57:14+00:00","dateModified":"2024-02-20T17:38:26+00:00","description":"Saiba tudo sobre a nossa prote\u00e7\u00e3o da privacidade e dos dados pessoais dos nossos utilizadores. Conhe\u00e7a a nossa Pol\u00edtica de Privacidade!","breadcrumb":{"@id":"https:\/\/els-solutions.com\/pt-pt\/politica-de-privacidade\/#breadcrumb"},"inLanguage":"pt-PT","potentialAction":[{"@type":"ReadAction","target":["https:\/\/els-solutions.com\/pt-pt\/politica-de-privacidade\/"]}]},{"@type":"BreadcrumbList","@id":"https:\/\/els-solutions.com\/pt-pt\/politica-de-privacidade\/#breadcrumb","itemListElement":[{"@type":"ListItem","position":1,"name":"In\u00edcio","item":"https:\/\/els-solutions.com\/pt-pt\/"},{"@type":"ListItem","position":2,"name":"Pol\u00edtica de Privacidade"}]},{"@type":"WebSite","@id":"https:\/\/els-solutions.com\/pt-pt\/#website","url":"https:\/\/els-solutions.com\/pt-pt\/","name":"ELS Group - Accelerating Innovation","description":"Assessoria estrat\u00e9gia para a Ind\u00fastria Farmac\u00eautica","publisher":{"@id":"https:\/\/els-solutions.com\/pt-pt\/#organization"},"potentialAction":[{"@type":"SearchAction","target":{"@type":"EntryPoint","urlTemplate":"https:\/\/els-solutions.com\/pt-pt\/?s={search_term_string}"},"query-input":{"@type":"PropertyValueSpecification","valueRequired":true,"valueName":"search_term_string"}}],"inLanguage":"pt-PT"},{"@type":"Organization","@id":"https:\/\/els-solutions.com\/pt-pt\/#organization","name":"ELS Group - Accelerating Innovation","url":"https:\/\/els-solutions.com\/pt-pt\/","logo":{"@type":"ImageObject","inLanguage":"pt-PT","@id":"https:\/\/els-solutions.com\/pt-pt\/#\/schema\/logo\/image\/","url":"https:\/\/els-solutions.com\/cms\/wp-content\/uploads\/2023\/08\/ELS-NewLogo-ColorBlack-1-e1691153715735.png","contentUrl":"https:\/\/els-solutions.com\/cms\/wp-content\/uploads\/2023\/08\/ELS-NewLogo-ColorBlack-1-e1691153715735.png","width":2226,"height":1080,"caption":"ELS Group - Accelerating Innovation"},"image":{"@id":"https:\/\/els-solutions.com\/pt-pt\/#\/schema\/logo\/image\/"},"sameAs":["https:\/\/www.facebook.com\/els.solutions\/"]}]}},"_links":{"self":[{"href":"https:\/\/els-solutions.com\/pt-pt\/wp-json\/wp\/v2\/pages\/2775","targetHints":{"allow":["GET"]}}],"collection":[{"href":"https:\/\/els-solutions.com\/pt-pt\/wp-json\/wp\/v2\/pages"}],"about":[{"href":"https:\/\/els-solutions.com\/pt-pt\/wp-json\/wp\/v2\/types\/page"}],"author":[{"embeddable":true,"href":"https:\/\/els-solutions.com\/pt-pt\/wp-json\/wp\/v2\/users\/9"}],"replies":[{"embeddable":true,"href":"https:\/\/els-solutions.com\/pt-pt\/wp-json\/wp\/v2\/comments?post=2775"}],"version-history":[{"count":1,"href":"https:\/\/els-solutions.com\/pt-pt\/wp-json\/wp\/v2\/pages\/2775\/revisions"}],"predecessor-version":[{"id":6081,"href":"https:\/\/els-solutions.com\/pt-pt\/wp-json\/wp\/v2\/pages\/2775\/revisions\/6081"}],"wp:attachment":[{"href":"https:\/\/els-solutions.com\/pt-pt\/wp-json\/wp\/v2\/media?parent=2775"}],"curies":[{"name":"wp","href":"https:\/\/api.w.org\/{rel}","templated":true}]}}